{"id":747,"date":"2020-09-17T17:42:22","date_gmt":"2020-09-17T17:42:22","guid":{"rendered":"https:\/\/hermandaddelrociodevillamanrique.es\/?page_id=747"},"modified":"2024-01-14T16:17:28","modified_gmt":"2024-01-14T16:17:28","slug":"junta-de-gobierno-actual","status":"publish","type":"page","link":"https:\/\/hermandaddelrociodevillamanrique.es\/?page_id=747","title":{"rendered":"Junta de Gobierno 2024\/27"},"content":{"rendered":"\n<figure class=\"wp-block-image aligncenter size-large is-resized\"><img fetchpriority=\"high\" decoding=\"async\" width=\"1024\" height=\"683\" src=\"https:\/\/hermandaddelrociodevillamanrique.es\/wp-content\/uploads\/2024\/01\/FOTO-GRUPAL-JUNTA-GOBIERNO-ALTAR--1024x683.jpg\" alt=\"\" class=\"wp-image-1426\" style=\"width:1291px;height:726px\" srcset=\"https:\/\/hermandaddelrociodevillamanrique.es\/wp-content\/uploads\/2024\/01\/FOTO-GRUPAL-JUNTA-GOBIERNO-ALTAR--1024x683.jpg 1024w, https:\/\/hermandaddelrociodevillamanrique.es\/wp-content\/uploads\/2024\/01\/FOTO-GRUPAL-JUNTA-GOBIERNO-ALTAR--300x200.jpg 300w, https:\/\/hermandaddelrociodevillamanrique.es\/wp-content\/uploads\/2024\/01\/FOTO-GRUPAL-JUNTA-GOBIERNO-ALTAR--768x512.jpg 768w, https:\/\/hermandaddelrociodevillamanrique.es\/wp-content\/uploads\/2024\/01\/FOTO-GRUPAL-JUNTA-GOBIERNO-ALTAR--1536x1024.jpg 1536w, https:\/\/hermandaddelrociodevillamanrique.es\/wp-content\/uploads\/2024\/01\/FOTO-GRUPAL-JUNTA-GOBIERNO-ALTAR--2048x1365.jpg 2048w\" sizes=\"(max-width: 1024px) 100vw, 1024px\" \/><figcaption class=\"wp-element-caption\">Junta de Gobierno 2024 &#8211; 2027<\/figcaption><\/figure>\n\n\n\n<p><strong>Presidente:<\/strong>&nbsp;D. JOS\u00c9 P\u00c9REZ VEL\u00c1ZQUEZ <\/p>\n\n\n\n<p><strong>Vicepresidente:<\/strong>&nbsp;D. RUPERTO J. GARC\u00cdA D\u00cdAZ <\/p>\n\n\n\n<p><strong>Secretaria Primera:<\/strong>&nbsp;D\u00d1A. LUC\u00cdA SOL\u00cdS MU\u00d1OZ<\/p>\n\n\n\n<p><strong>Secretaria Segunda:<\/strong>&nbsp;D\u00d1A. JUANA MAR\u00cdA D\u00cdAZ ROMERO<\/p>\n\n\n\n<p><strong>Secretaria Tercera:<\/strong>&nbsp;D\u00d1A. CARMEN RUIZ MU\u00d1OZ <\/p>\n\n\n\n<p><strong>Tesorera Primera:<\/strong>&nbsp;&nbsp;D\u00d1A. ISABEL G. SOL\u00cdS VEL\u00c1ZQUEZ <\/p>\n\n\n\n<p><strong>Tesorero Segundo:<\/strong>&nbsp;&nbsp;&nbsp;D. FRANCISCO MANUEL ZURITA HERRERA <\/p>\n\n\n\n<p><strong>Consiliaria de Cultos y Formaci\u00f3n:<\/strong>&nbsp; D\u00d1A. COVADONGA GARC\u00cdA D\u00cdAZ <\/p>\n\n\n\n<p><strong>Consiliario de Obras Asistenciales:<\/strong>&nbsp;D. PEDRO URBINA MESTA<\/p>\n\n\n\n<p><strong>Consiliario de Juventud:<\/strong>&nbsp;D. ANTONIO JES\u00daS M\u00c1RQUEZ GONZ\u00c1LEZ<\/p>\n\n\n\n<p><strong>Consiliario de Conservaci\u00f3n del Patrimonio:<\/strong>&nbsp; D. CARLOS M. L\u00d3PEZ DOM\u00cdNGUEZ <\/p>\n\n\n\n<p><strong>Consiliario de Romer\u00eda:<\/strong>&nbsp;D. ALAN L. S\u00c1NCHEZ GONZ\u00c1LEZ<\/p>\n\n\n\n<p><strong>Consiliario de Peregrinaciones:<\/strong>&nbsp;D. MIGUEL ESPINAR NAVARRO <\/p>\n\n\n\n<p><strong>Consiliario de Comunicaciones:<\/strong>&nbsp;D. SIM\u00d3N RUIZ D\u00cdAZ <\/p>\n\n\n\n<p><strong>Vocal de Conservaci\u00f3n del Patrimonio:<\/strong>&nbsp;D. JOS\u00c9 LARIOS SU\u00c1REZ <\/p>\n\n\n\n<p><strong>Vocal de Romer\u00eda y Peregrinaciones:<\/strong>&nbsp;&nbsp;D. JOS\u00c9 SOL\u00cdS COLCHERO<\/p>\n\n\n\n<p><strong>Camarista Primera:<\/strong>&nbsp; D\u00d1A. MAR\u00cdA DEL CARMEN SOL\u00cdS SOL\u00cdS <\/p>\n\n\n\n<p><strong>Camarista Segunda:<\/strong> D\u00d1A. MAR\u00cdA JES\u00daS DELGADO MU\u00d1OZ<\/p>\n\n\n\n<p><strong>Capell\u00e1n:<\/strong>&nbsp;D. ANTONIO JES\u00daS SERRANO COLMENERO<\/p>\n","protected":false},"excerpt":{"rendered":"<p>Presidente:&nbsp;D. JOS\u00c9 P\u00c9REZ VEL\u00c1ZQUEZ Vicepresidente:&nbsp;D. RUPERTO J. GARC\u00cdA D\u00cdAZ Secretaria Primera:&nbsp;D\u00d1A. LUC\u00cdA SOL\u00cdS MU\u00d1OZ Secretaria Segunda:&nbsp;D\u00d1A. JUANA MAR\u00cdA D\u00cdAZ ROMERO Secretaria Tercera:&nbsp;D\u00d1A. CARMEN RUIZ MU\u00d1OZ Tesorera Primera:&nbsp;&nbsp;D\u00d1A. ISABEL G. SOL\u00cdS VEL\u00c1ZQUEZ Tesorero Segundo:&nbsp;&nbsp;&nbsp;D. FRANCISCO MANUEL ZURITA HERRERA Consiliaria de Cultos y Formaci\u00f3n:&nbsp; D\u00d1A. COVADONGA GARC\u00cdA D\u00cdAZ Consiliario de Obras Asistenciales:&nbsp;D. PEDRO URBINA MESTA Consiliario de [&hellip;]<\/p>\n","protected":false},"author":1,"featured_media":0,"parent":0,"menu_order":0,"comment_status":"closed","ping_status":"closed","template":"","meta":{"site-sidebar-layout":"no-sidebar","site-content-layout":"plain-container","ast-site-content-layout":"default","site-content-style":"default","site-sidebar-style":"default","ast-global-header-display":"","ast-banner-title-visibility":"","ast-main-header-display":"","ast-hfb-above-header-display":"","ast-hfb-below-header-display":"","ast-hfb-mobile-header-display":"","site-post-title":"","ast-breadcrumbs-content":"","ast-featured-img":"","footer-sml-layout":"","ast-disable-related-posts":"","theme-transparent-header-meta":"default","adv-header-id-meta":"","stick-header-meta":"","header-above-stick-meta":"","header-main-stick-meta":"","header-below-stick-meta":"","astra-migrate-meta-layouts":"default","ast-page-background-enabled":"default","ast-page-background-meta":{"desktop":{"background-color":"","background-image":"","background-repeat":"repeat","background-position":"center center","background-size":"auto","background-attachment":"scroll","background-type":"","background-media":"","overlay-type":"","overlay-color":"","overlay-opacity":"","overlay-gradient":""},"tablet":{"background-color":"","background-image":"","background-repeat":"repeat","background-position":"center center","background-size":"auto","background-attachment":"scroll","background-type":"","background-media":"","overlay-type":"","overlay-color":"","overlay-opacity":"","overlay-gradient":""},"mobile":{"background-color":"","background-image":"","background-repeat":"repeat","background-position":"center center","background-size":"auto","background-attachment":"scroll","background-type":"","background-media":"","overlay-type":"","overlay-color":"","overlay-opacity":"","overlay-gradient":""}},"ast-content-background-meta":{"desktop":{"background-color":"var(--ast-global-color-5)","background-image":"","background-repeat":"repeat","background-position":"center center","background-size":"auto","background-attachment":"scroll","background-type":"","background-media":"","overlay-type":"","overlay-color":"","overlay-opacity":"","overlay-gradient":""},"tablet":{"background-color":"var(--ast-global-color-5)","background-image":"","background-repeat":"repeat","background-position":"center center","background-size":"auto","background-attachment":"scroll","background-type":"","background-media":"","overlay-type":"","overlay-color":"","overlay-opacity":"","overlay-gradient":""},"mobile":{"background-color":"var(--ast-global-color-5)","background-image":"","background-repeat":"repeat","background-position":"center center","background-size":"auto","background-attachment":"scroll","background-type":"","background-media":"","overlay-type":"","overlay-color":"","overlay-opacity":"","overlay-gradient":""}},"footnotes":""},"class_list":["post-747","page","type-page","status-publish","hentry"],"_links":{"self":[{"href":"https:\/\/hermandaddelrociodevillamanrique.es\/index.php?rest_route=\/wp\/v2\/pages\/747","targetHints":{"allow":["GET"]}}],"collection":[{"href":"https:\/\/hermandaddelrociodevillamanrique.es\/index.php?rest_route=\/wp\/v2\/pages"}],"about":[{"href":"https:\/\/hermandaddelrociodevillamanrique.es\/index.php?rest_route=\/wp\/v2\/types\/page"}],"author":[{"embeddable":true,"href":"https:\/\/hermandaddelrociodevillamanrique.es\/index.php?rest_route=\/wp\/v2\/users\/1"}],"replies":[{"embeddable":true,"href":"https:\/\/hermandaddelrociodevillamanrique.es\/index.php?rest_route=%2Fwp%2Fv2%2Fcomments&post=747"}],"version-history":[{"count":8,"href":"https:\/\/hermandaddelrociodevillamanrique.es\/index.php?rest_route=\/wp\/v2\/pages\/747\/revisions"}],"predecessor-version":[{"id":1429,"href":"https:\/\/hermandaddelrociodevillamanrique.es\/index.php?rest_route=\/wp\/v2\/pages\/747\/revisions\/1429"}],"wp:attachment":[{"href":"https:\/\/hermandaddelrociodevillamanrique.es\/index.php?rest_route=%2Fwp%2Fv2%2Fmedia&parent=747"}],"curies":[{"name":"wp","href":"https:\/\/api.w.org\/{rel}","templated":true}]}}